{"id":1621,"date":"2016-03-29T06:42:44","date_gmt":"2016-03-29T06:42:44","guid":{"rendered":"http:\/\/aehidroterapiadecolon.com\/?page_id=1621"},"modified":"2016-03-31T08:19:29","modified_gmt":"2016-03-31T08:19:29","slug":"bekanntmachung-des-prasidenten","status":"publish","type":"page","link":"https:\/\/aehidroterapiadecolon.com\/de\/bekanntmachung-des-prasidenten\/","title":{"rendered":"Bekanntmachung des Pr\u00e4sidenten"},"content":{"rendered":"<p>[et_pb_section fullwidth=&#8220;on&#8220; specialty=&#8220;off&#8220; background_image=&#8220;http:\/\/aehidroterapiadecolon.com\/wp-content\/uploads\/2014\/04\/fondo-titulo.jpg&#8220; transparent_background=&#8220;off&#8220; background_color=&#8220;#ffffff&#8220; allow_player_pause=&#8220;off&#8220; inner_shadow=&#8220;off&#8220; parallax=&#8220;off&#8220; parallax_method=&#8220;off&#8220;][et_pb_fullwidth_header admin_label=&#8220;T\u00edtulo de anchura completa&#8220; title=&#8220;Bekanntmachung des Pr\u00e4sidenten&#8220; background_layout=&#8220;light&#8220; text_orientation=&#8220;left&#8220; \/][\/et_pb_section][et_pb_section][et_pb_row][et_pb_column type=&#8220;1_4&#8243;][et_pb_image admin_label=&#8220;Imagen&#8220; src=&#8220;http:\/\/aehidroterapiadecolon.com\/wp-content\/uploads\/2014\/04\/david-granizo-bermejo.jpg&#8220; alt=&#8220;Imagen de David Granizo&#8220; title_text=&#8220;David Granizo&#8220; show_in_lightbox=&#8220;off&#8220; url_new_window=&#8220;off&#8220; animation=&#8220;left&#8220; sticky=&#8220;off&#8220; module_class=&#8220;foto_cuadro&#8220; \/][\/et_pb_column][et_pb_column type=&#8220;3_4&#8243;][et_pb_text admin_label=&#8220;Texto&#8220; background_layout=&#8220;light&#8220; text_orientation=&#8220;left&#8220;]Im Namen des Vorstands des <strong>spanischen Verbands der Colon-Hydro-Therapie<\/strong>, dessen ich das Gl\u00fcck und die Ehre habe vorzusitzen, m\u00f6chte ich einen herzlichen Gru\u00df senden und Sie herzlichst einladen, sich aktiv an allen Unternehmungen des Verbands teilzunehmen. Unsere Absicht ist, dass der <strong>spanische Berufsverband der Colon-Hydro-Therapie (AEHC)<\/strong> offen f\u00fcr alle spanischen Fachleute ist und dazu dient ihre Kenntnisse und F\u00e4higkeiten zu verbessern.<\/p>\n<p>Das Ziel des <strong>spanischen Verbands der Colon-Hydro-Therapie<\/strong> ist nicht auf die Organisation eines j\u00e4hrlichen Kongresses beschr\u00e4nkt, sondern auch einen Service f\u00fcr seine Mitglieder zu bieten, die Weiterbildung durch Kurse und andere Unterrichtsmethoden zu f\u00f6rdern und die F\u00f6rderung der Forschung; kurz gesagt, alles zu tun, um das Niveau unserer Profession zu verbessern. Die Website des <strong>spanischen Verbands der Colon-Hydro-Therapie<\/strong> zielt darauf ab, Informationen, Kommunikation und Zusammenarbeit zwischen den Mitgliedern und zwischen uns und dem Rest der Welt der Wissenschaft zu f\u00f6rdern. Zu diesem Zweck wird unsere Website kontinuierlich mit neuen Erweiterungen und Verbesserungen aktualisiert, die Kommunikation, wissenschaftlichen Austausch und die Arbeit von Fachleuten und interessierten Nutzernder <strong>Colon-Hydro-Therapie erleichtern und f\u00f6rdern<\/strong>.<\/p>\n<p>Abschlie\u00dfend m\u00f6chte ich betonen, dass der <strong>spanische Verband der Colon-Hydro-Therapie<\/strong> Ihr Verband ist, unabh\u00e4ngig von unterschiedlichen Interessen oder Ma\u00df und Umfang an Engagement des Einzelnen. Vom  Verband aus ermutige ich Sie Vorschl\u00e4ge, Ideen und Initiativen beizutragen und anzuregen, die Sie f\u00fcr angemessen halten. Mit dem Antrieb und der Verbundenheit aller, k\u00f6nnen wir Tag f\u00fcr Tag mehr erreichen.<\/p>\n<p>Ich stehe zu Ihrer Verf\u00fcgung.<\/p>\n<p><strong>David Granizo Bermejo<\/strong><br \/>\n<i>Pr\u00e4sident<\/i>[\/et_pb_text][\/et_pb_column][\/et_pb_row][\/et_pb_section]<\/p>\n","protected":false},"excerpt":{"rendered":"<p>[et_pb_section fullwidth=&#8220;on&#8220; specialty=&#8220;off&#8220; background_image=&#8220;http:\/\/aehidroterapiadecolon.com\/wp-content\/uploads\/2014\/04\/fondo-titulo.jpg&#8220; transparent_background=&#8220;off&#8220; background_color=&#8220;#ffffff&#8220; allow_player_pause=&#8220;off&#8220; inner_shadow=&#8220;off&#8220; parallax=&#8220;off&#8220; parallax_method=&#8220;off&#8220;][et_pb_fullwidth_header admin_label=&#8220;T\u00edtulo de anchura completa&#8220; title=&#8220;Bekanntmachung des Pr\u00e4sidenten&#8220; background_layout=&#8220;light&#8220; text_orientation=&#8220;left&#8220; \/][\/et_pb_section][et_pb_section][et_pb_row][et_pb_column type=&#8220;1_4&#8243;][et_pb_image admin_label=&#8220;Imagen&#8220; src=&#8220;http:\/\/aehidroterapiadecolon.com\/wp-content\/uploads\/2014\/04\/david-granizo-bermejo.jpg&#8220; alt=&#8220;Imagen de David Granizo&#8220; title_text=&#8220;David Granizo&#8220; show_in_lightbox=&#8220;off&#8220; url_new_window=&#8220;off&#8220; animation=&#8220;left&#8220; sticky=&#8220;off&#8220; module_class=&#8220;foto_cuadro&#8220; \/][\/et_pb_column][et_pb_column type=&#8220;3_4&#8243;][et_pb_text admin_label=&#8220;Texto&#8220; background_layout=&#8220;light&#8220; text_orientation=&#8220;left&#8220;]Im Namen des Vorstands des spanischen Verbands der Colon-Hydro-Therapie, dessen ich das Gl\u00fcck und die Ehre habe [&hellip;]<\/p>\n","protected":false},"author":6,"featured_media":0,"parent":0,"menu_order":0,"comment_status":"open","ping_status":"closed","template":"","meta":{"_et_pb_use_builder":"on","_et_pb_old_content":"[et_pb_section fullwidth=\"on\" specialty=\"off\" background_image=\"http:\/\/aehidroterapiadecolon.com\/wp-content\/uploads\/2014\/04\/fondo-titulo.jpg\" transparent_background=\"off\" background_color=\"#ffffff\" allow_player_pause=\"off\" inner_shadow=\"off\" parallax=\"off\" parallax_method=\"off\"][et_pb_fullwidth_header admin_label=\"T\u00edtulo de anchura completa\" title=\"Carta del Presidente\" background_layout=\"light\" text_orientation=\"left\" \/][\/et_pb_section][et_pb_section][et_pb_row][et_pb_column type=\"1_4\"][et_pb_image admin_label=\"Imagen\" src=\"http:\/\/aehidroterapiadecolon.com\/wp-content\/uploads\/2014\/04\/david-granizo-bermejo.jpg\" alt=\"Imagen de David Granizo\" title_text=\"David Granizo\" show_in_lightbox=\"off\" url_new_window=\"off\" animation=\"left\" sticky=\"off\" module_class=\"foto_cuadro\" \/][\/et_pb_column][et_pb_column type=\"3_4\"][et_pb_text admin_label=\"Texto\" background_layout=\"light\" text_orientation=\"left\"]En nombre de la Junta Directiva de la <strong>Asociaci\u00f3n Espa\u00f1ola de Hidroterapia de Colon<\/strong>, que tengo la fortuna y el honor de presidir, quiero enviaros un saludo cordial e invitaros a participar activamente en todas las actividades que se desarrollen en la Asociaci\u00f3n. Nuestra intenci\u00f3n es que la <strong>Asociaci\u00f3n Espa\u00f1ola de Hidroterapia de Colon (AEHC)<\/strong> est\u00e9 abierta a todos los profesionales espa\u00f1oles y sirva para mejorar su nivel de conocimientos y destrezas.\r\n\r\nEl objetivo de la <strong>Asociaci\u00f3n Espa\u00f1ola de Hidroterapia de Colon<\/strong> no se limita a la organizaci\u00f3n de un congreso anual, sino tambi\u00e9n ofrecer un servicio a sus socios, fomentando la formaci\u00f3n a trav\u00e9s de cursos y cualquier otra actividad docente y la promoci\u00f3n de la investigaci\u00f3n; en definitiva, hacer todo lo posible para mejorar el nivel de nuestra preparaci\u00f3n. La Web de la <strong>Asociaci\u00f3n Espa\u00f1ola de Hidroterapia de Colon<\/strong> pretende favorecer la informaci\u00f3n, comunicaci\u00f3n y cooperaci\u00f3n entre sus miembros y de estos con el resto del mundo cient\u00edfico. En esta l\u00ednea, nuestra Web est\u00e1\u00a0en continua actualizaci\u00f3n y renovaci\u00f3n con nuevas aportaciones que facilitan y fomentan el contacto, intercambio cient\u00edfico y el trabajo entre los profesionales y usuarios interesados en la <strong>Hidroterapia de Colon<\/strong>.\r\n\r\nFinalmente quiero destacar que la <strong>Asociaci\u00f3n Espa\u00f1ola de Hidroterapia de Colon<\/strong> es vuestra Asociaci\u00f3n, independientemente de los diferentes intereses, niveles de dedicaci\u00f3n y \u00e1mbito de cada uno de vosotros. Desde la Asociaci\u00f3n os animo a que aport\u00e9is todas\u00a0aquellas sugerencias, ideas e iniciativas que consider\u00e9is oportunas. Con el empuje y la uni\u00f3n de todos lograremos mejorar d\u00eda a d\u00eda.\r\n\r\nQuedo a vuestra entera disposici\u00f3n. Un abrazo.\r\n\r\n<strong>David Granizo Bermejo<\/strong>\r\n<i>Presidente<\/i>[\/et_pb_text][\/et_pb_column][\/et_pb_row][\/et_pb_section]","_et_gb_content_width":""},"yoast_head":"<!-- This site is optimized with the Yoast SEO plugin v19.7.1 - https:\/\/yoast.com\/wordpress\/plugins\/seo\/ -->\n<title>Bekanntmachung des Pr\u00e4sidenten - Spanischen Verband der Colon-Hydro-Therapie<\/title>\n<meta name=\"description\" content=\"Bekanntmachung des Pr\u00e4sidenten der spanischen Vereinigung der Colon-Hydro\" \/>\n<meta name=\"robots\" content=\"index, follow, max-snippet:-1, max-image-preview:large, max-video-preview:-1\" \/>\n<link rel=\"canonical\" href=\"https:\/\/aehidroterapiadecolon.com\/de\/bekanntmachung-des-prasidenten\/\" \/>\n<meta property=\"og:locale\" content=\"de_DE\" \/>\n<meta property=\"og:type\" content=\"article\" \/>\n<meta property=\"og:title\" content=\"Bekanntmachung des Pr\u00e4sidenten - Spanischen Verband der Colon-Hydro-Therapie\" \/>\n<meta property=\"og:description\" content=\"Bekanntmachung des Pr\u00e4sidenten der spanischen Vereinigung der Colon-Hydro\" \/>\n<meta property=\"og:url\" content=\"https:\/\/aehidroterapiadecolon.com\/de\/bekanntmachung-des-prasidenten\/\" \/>\n<meta property=\"og:site_name\" content=\"Asociaci\u00f3n Espa\u00f1ola de Hidroterapia de Colon\" \/>\n<meta property=\"article:publisher\" content=\"https:\/\/www.facebook.com\/pages\/Asociacion-Espa%c3%b1ola-de-Hidroterapia-de-Colon\/1498644383756868\" \/>\n<meta property=\"article:modified_time\" content=\"2016-03-31T08:19:29+00:00\" \/>\n<meta property=\"og:image\" content=\"http:\/\/aehidroterapiadecolon.com\/wp-content\/uploads\/2015\/04\/logo.gif\" \/>\n<meta name=\"twitter:card\" content=\"summary\" \/>\n<meta name=\"twitter:label1\" content=\"Gesch\u00e4tzte Lesezeit\" \/>\n\t<meta name=\"twitter:data1\" content=\"2\u00a0Minuten\" \/>\n<script type=\"application\/ld+json\" class=\"yoast-schema-graph\">{\"@context\":\"https:\/\/schema.org\",\"@graph\":[{\"@type\":\"WebPage\",\"@id\":\"https:\/\/aehidroterapiadecolon.com\/de\/bekanntmachung-des-prasidenten\/\",\"url\":\"https:\/\/aehidroterapiadecolon.com\/de\/bekanntmachung-des-prasidenten\/\",\"name\":\"Bekanntmachung des Pr\u00e4sidenten - Spanischen Verband der Colon-Hydro-Therapie\",\"isPartOf\":{\"@id\":\"https:\/\/aehidroterapiadecolon.com\/#website\"},\"datePublished\":\"2016-03-29T06:42:44+00:00\",\"dateModified\":\"2016-03-31T08:19:29+00:00\",\"description\":\"Bekanntmachung des Pr\u00e4sidenten der spanischen Vereinigung der Colon-Hydro\",\"breadcrumb\":{\"@id\":\"https:\/\/aehidroterapiadecolon.com\/de\/bekanntmachung-des-prasidenten\/#breadcrumb\"},\"inLanguage\":\"de\",\"potentialAction\":[{\"@type\":\"ReadAction\",\"target\":[\"https:\/\/aehidroterapiadecolon.com\/de\/bekanntmachung-des-prasidenten\/\"]}]},{\"@type\":\"BreadcrumbList\",\"@id\":\"https:\/\/aehidroterapiadecolon.com\/de\/bekanntmachung-des-prasidenten\/#breadcrumb\",\"itemListElement\":[{\"@type\":\"ListItem\",\"position\":1,\"name\":\"Portada\",\"item\":\"https:\/\/aehidroterapiadecolon.com\/de\/\"},{\"@type\":\"ListItem\",\"position\":2,\"name\":\"Bekanntmachung des Pr\u00e4sidenten\"}]},{\"@type\":\"WebSite\",\"@id\":\"https:\/\/aehidroterapiadecolon.com\/#website\",\"url\":\"https:\/\/aehidroterapiadecolon.com\/\",\"name\":\"Asociaci\u00f3n Espa\u00f1ola de Hidroterapia de Colon\",\"description\":\"AEHC\",\"potentialAction\":[{\"@type\":\"SearchAction\",\"target\":{\"@type\":\"EntryPoint\",\"urlTemplate\":\"https:\/\/aehidroterapiadecolon.com\/?s={search_term_string}\"},\"query-input\":\"required name=search_term_string\"}],\"inLanguage\":\"de\"}]}<\/script>\n<!-- \/ Yoast SEO plugin. -->","yoast_head_json":{"title":"Bekanntmachung des Pr\u00e4sidenten - Spanischen Verband der Colon-Hydro-Therapie","description":"Bekanntmachung des Pr\u00e4sidenten der spanischen Vereinigung der Colon-Hydro","robots":{"index":"index","follow":"follow","max-snippet":"max-snippet:-1","max-image-preview":"max-image-preview:large","max-video-preview":"max-video-preview:-1"},"canonical":"https:\/\/aehidroterapiadecolon.com\/de\/bekanntmachung-des-prasidenten\/","og_locale":"de_DE","og_type":"article","og_title":"Bekanntmachung des Pr\u00e4sidenten - Spanischen Verband der Colon-Hydro-Therapie","og_description":"Bekanntmachung des Pr\u00e4sidenten der spanischen Vereinigung der Colon-Hydro","og_url":"https:\/\/aehidroterapiadecolon.com\/de\/bekanntmachung-des-prasidenten\/","og_site_name":"Asociaci\u00f3n Espa\u00f1ola de Hidroterapia de Colon","article_publisher":"https:\/\/www.facebook.com\/pages\/Asociacion-Espa%c3%b1ola-de-Hidroterapia-de-Colon\/1498644383756868","article_modified_time":"2016-03-31T08:19:29+00:00","og_image":[{"url":"http:\/\/aehidroterapiadecolon.com\/wp-content\/uploads\/2015\/04\/logo.gif"}],"twitter_card":"summary","twitter_misc":{"Gesch\u00e4tzte Lesezeit":"2\u00a0Minuten"},"schema":{"@context":"https:\/\/schema.org","@graph":[{"@type":"WebPage","@id":"https:\/\/aehidroterapiadecolon.com\/de\/bekanntmachung-des-prasidenten\/","url":"https:\/\/aehidroterapiadecolon.com\/de\/bekanntmachung-des-prasidenten\/","name":"Bekanntmachung des Pr\u00e4sidenten - Spanischen Verband der Colon-Hydro-Therapie","isPartOf":{"@id":"https:\/\/aehidroterapiadecolon.com\/#website"},"datePublished":"2016-03-29T06:42:44+00:00","dateModified":"2016-03-31T08:19:29+00:00","description":"Bekanntmachung des Pr\u00e4sidenten der spanischen Vereinigung der Colon-Hydro","breadcrumb":{"@id":"https:\/\/aehidroterapiadecolon.com\/de\/bekanntmachung-des-prasidenten\/#breadcrumb"},"inLanguage":"de","potentialAction":[{"@type":"ReadAction","target":["https:\/\/aehidroterapiadecolon.com\/de\/bekanntmachung-des-prasidenten\/"]}]},{"@type":"BreadcrumbList","@id":"https:\/\/aehidroterapiadecolon.com\/de\/bekanntmachung-des-prasidenten\/#breadcrumb","itemListElement":[{"@type":"ListItem","position":1,"name":"Portada","item":"https:\/\/aehidroterapiadecolon.com\/de\/"},{"@type":"ListItem","position":2,"name":"Bekanntmachung des Pr\u00e4sidenten"}]},{"@type":"WebSite","@id":"https:\/\/aehidroterapiadecolon.com\/#website","url":"https:\/\/aehidroterapiadecolon.com\/","name":"Asociaci\u00f3n Espa\u00f1ola de Hidroterapia de Colon","description":"AEHC","potentialAction":[{"@type":"SearchAction","target":{"@type":"EntryPoint","urlTemplate":"https:\/\/aehidroterapiadecolon.com\/?s={search_term_string}"},"query-input":"required name=search_term_string"}],"inLanguage":"de"}]}},"_links":{"self":[{"href":"https:\/\/aehidroterapiadecolon.com\/de\/wp-json\/wp\/v2\/pages\/1621"}],"collection":[{"href":"https:\/\/aehidroterapiadecolon.com\/de\/wp-json\/wp\/v2\/pages"}],"about":[{"href":"https:\/\/aehidroterapiadecolon.com\/de\/wp-json\/wp\/v2\/types\/page"}],"author":[{"embeddable":true,"href":"https:\/\/aehidroterapiadecolon.com\/de\/wp-json\/wp\/v2\/users\/6"}],"replies":[{"embeddable":true,"href":"https:\/\/aehidroterapiadecolon.com\/de\/wp-json\/wp\/v2\/comments?post=1621"}],"version-history":[{"count":1,"href":"https:\/\/aehidroterapiadecolon.com\/de\/wp-json\/wp\/v2\/pages\/1621\/revisions"}],"predecessor-version":[{"id":1622,"href":"https:\/\/aehidroterapiadecolon.com\/de\/wp-json\/wp\/v2\/pages\/1621\/revisions\/1622"}],"wp:attachment":[{"href":"https:\/\/aehidroterapiadecolon.com\/de\/wp-json\/wp\/v2\/media?parent=1621"}],"curies":[{"name":"wp","href":"https:\/\/api.w.org\/{rel}","templated":true}]}}